{"version":"1.0","provider_name":"Kultissimo.hu","provider_url":"https:\/\/kultissimo.cafeblog.hu","author_name":"Kultissimo","author_url":"https:\/\/kultissimo.cafeblog.hu\/author\/konyaorsi-kultissimogmail-com\/","title":"James Bond 2015: Spectre","html":"<p><strong><a href=\"https:\/\/kultissimo.cafeblog.hu\/files\/2015\/03\/007.jpg\"><img class=\"alignleft wp-image-403 size-thumbnail\" src=\"https:\/\/kultissimo.cafeblog.hu\/files\/2015\/03\/007-150x150.jpg\" alt=\"007\" width=\"150\" height=\"150\" \/><\/a>Okt\u00f3ber 23-\u00e1n mutatj\u00e1k be Nagy-Britanni\u00e1ban, n\u00e1lunk m\u00e9g nincs premier-id\u0151pont, de a Specte biztosan ide is eljut Ralph Fiennes-szal,\u00a0Christoph Waltz-cal \u00e9s a t\u00f6bbiekkel - \u00e9s persze Monica Belucci is megkapta v\u00e9gre a Bond-l\u00e1ny szerepet. Am\u00edg kider\u00fcl, n\u00e1lunk mikor ker\u00fcl a mozikba, itt az els\u0151 trailer!<\/strong><\/p>\r\n<p>&nbsp;<\/p>\r\n<p>&nbsp;<\/p>\r\n<p>[embed]https:\/\/www.youtube.com\/watch?v=GvQJbF2CXLQ[\/embed]<\/p>\r\n<p>&nbsp;<\/p>","type":"rich","thumbnail_url":"https:\/\/kultissimo.cafeblog.hu\/files\/2015\/03\/0071-150x150.jpg","thumbnail_width":150,"thumbnail_height":150}