{"version":"1.0","provider_name":"Kultissimo.hu","provider_url":"https:\/\/kultissimo.cafeblog.hu","author_name":"Kultissimo","author_url":"https:\/\/kultissimo.cafeblog.hu\/author\/konyaorsi-kultissimogmail-com\/","title":"\u00dajra kezdik a Ringet az Oper\u00e1ban","html":"<p><em><a href=\"https:\/\/kultissimo.cafeblog.hu\/files\/2015\/03\/rajna1.jpg\"><img class=\"alignleft wp-image-343\" src=\"https:\/\/kultissimo.cafeblog.hu\/files\/2015\/03\/rajna1-300x200.jpg\" alt=\"rajna\" width=\"200\" height=\"133\" \/><\/a><\/em><strong>M. T\u00f3th G\u00e9za <em>A Rajna kincse<\/em>-rendez\u00e9s\u00e9vel m\u00e1rcius 21-\u00e9n \u00fatj\u00e1ra indul a Magyar \u00c1llami Operah\u00e1z \u00faj Wagner-ciklusa. Az anim\u00e1ci\u00f3s rendez\u0151k\u00e9nt ismert M. T\u00f3th filmes eszk\u00f6z\u00f6ket \u00edg\u00e9r a bemutat\u00f3ra...<\/strong><\/p>\r\n<p>A Bal\u00e1zs B\u00e9la-d\u00edjas, Oscar-d\u00edjra is jel\u00f6lt anim\u00e1ci\u00f3s rendez\u0151 \u00e9vek \u00f3ta kapcsolatban \u00e1ll a Magyar \u00c1llami Operah\u00e1zzal. Egyedi st\u00edlus\u00fa filmjei az operaj\u00e1tsz\u00e1s \u00e9s az Operah\u00e1z t\u00f6rt\u00e9net\u00e9r\u0151l nagy sikert arattak a k\u00f6z\u00f6ns\u00e9g k\u00f6r\u00e9ben.2013-ban a <em>M\u00e1t\u00e9-passi\u00f3<\/em>t vitte sz\u00ednre; el\u0151ad\u00e1s\u00e1ban a vet\u00edtett k\u00e9p \u00e9s az \u00e9l\u0151 zene, illetve a sz\u00ednpadi l\u00e1tv\u00e1ny egy\u00fctt alkottak egys\u00e9get, a k\u00f6z\u00f6ns\u00e9g pedig nem csak befogad\u00f3ja volt a produkci\u00f3nak, hanem akt\u00edv r\u00e9szese is. K\u00f6zel egy \u00e9ve foglalkozik A Rajna kincse el\u0151k\u00e9sz\u00edt\u00e9s\u00e9vel, mik\u00f6zben szem el\u0151tt tartja, hogy ez\u00fattal a teljes Ring-ciklusnak kell egys\u00e9get k\u00e9peznie. \u201eA szerz\u0151 sz\u00e1nd\u00e9ka a fontos, figyelembe v\u00e9ve persze azt is, hogy az adott id\u0151szakban, \u00e9ppen most, 2015-ben, az Operah\u00e1zban, az adott \u00e9nekesekkel \u00e9s adott zen\u00e9szekkel hozunk l\u00e9tre egy \u2013 azaz a n\u00e9gy \u00e9v sor\u00e1n n\u00e9gy \u2013 el\u0151ad\u00e1st. Arra jutottam, hogy ebben a megk\u00f6zel\u00edt\u00e9sben meghat\u00e1roz\u00f3 a l\u00e1tv\u00e1nyt szervez\u0151 logika, azaz a l\u00e1tv\u00e1nydramaturgia\u201d \u2013 nyilatkozta M. T\u00f3th G\u00e9za a produkci\u00f3 m\u0171sorf\u00fczet\u00e9hez k\u00e9sz\u00fclt interj\u00faban.<\/p>\r\n<p>A sorozathoz olyan t\u00e9rszervez\u0151 logik\u00e1t keresett, ami nem kifejezetten a form\u00e1b\u00f3l \u00e9p\u00edtkezik, mert vil\u00e1gosan l\u00e1tta, hogy a m\u0171 ledobn\u00e1 mag\u00e1r\u00f3l, ha egy-egy jelenet k\u00f6z\u00f6tt teljesen \u00e1trendezn\u00e9k a sz\u00ednpadot, hangs\u00falyosan k\u00e9pekre bontva a m\u0171vet. \u201eMiut\u00e1n ez egy egybef\u00fcgg\u0151 m\u00edtosz, nagyon sok sz\u00e1llal kapcsol\u00f3dnak egym\u00e1shoz a jelenetek, felvon\u00e1sok csak\u00fagy, mint a tetral\u00f3gia egyes darabjai. Ennek a t\u00e9rszervez\u00e9s logik\u00e1j\u00e1ban, az anyag- \u00e9s t\u00e9rhaszn\u00e1latban is meg kell jelennie. Ez volt az egyik kiindul\u00e1si pont. A m\u00e1sik pedig, hogy nagyon sok olyan dolgot \u00edrt bele Wagner, ami a klasszikus sz\u00ednpadi megold\u00e1sokkal nehezen megval\u00f3s\u00edthat\u00f3. (Sell\u0151k \u00fasznak a v\u00edz alatt, t\u0171z lobban a semmib\u0151l, bej\u00f6n k\u00e9t \u00f3ri\u00e1s, valaki s\u00e1rk\u00e1nny\u00e1 v\u00e1ltozik a szem\u00fcnk el\u0151tt\u2026) Teh\u00e1t valamilyen var\u00e1zsl\u00e1sra alkalmas m\u00e9diumot kellett tal\u00e1lni\u201d \u2013 tette hozz\u00e1 az alkot\u00f3.<\/p>\r\n<p>Mindezeket f\u00e9lig transzparens vet\u00edt\u0151fel\u00fcletek seg\u00edts\u00e9g\u00e9vel k\u00edv\u00e1nja megval\u00f3s\u00edtani; az anyagok el\u0151tt \u00e9s m\u00f6g\u00f6tt l\u00e9v\u0151 f\u00e9ny ar\u00e1ny\u00e1nak v\u00e1ltoztat\u00e1s\u00e1val el\u0151id\u00e9zett \u00e1lomszer\u0171 hat\u00e1sra \u00e9p\u00edtve, vagy ez \u00e1ltal elrejtve vagy kiemelve a szerepl\u0151ket. A vet\u00edtett k\u00e9p, a k\u00fcl\u00f6nb\u00f6z\u0151 sz\u00edn\u0171 f\u00e9ny \u00e9s a jelz\u00e9sszer\u0171 d\u00edszletelemek egy\u00fcttese adja a st\u00edlust. A vet\u00edtett k\u00e9pi k\u00f6zeg azonban csak a l\u00e1tv\u00e1ny egyik eleme, legal\u00e1bb ennyire fontos szerepet j\u00e1tszik a f\u00e9ny, a d\u00edszlet, a jelmez \u00e9s persze mindenekel\u0151tt az \u00e9nekesek j\u00e1t\u00e9ka, mozg\u00e1sa, sz\u00ednpadi jelenl\u00e9te. <br \/>A vet\u00edt\u00e9s k\u00e9t k\u00fcl\u00f6n pontr\u00f3l (szemb\u0151l \u00e9s h\u00e1tulr\u00f3l) t\u00f6rt\u00e9nik, el\u0151re legy\u00e1rtott k\u00e9tszer k\u00e9t \u00e9s f\u00e9l\u00f3r\u00e1nyi mozg\u00f3k\u00e9p-anyaggal, \u00e1m M. T\u00f3th G\u00e9za kiemeli: \u201eFontos, hogy ez nem mozifilm, ink\u00e1bb egy folyamatos mozg\u00f3 vizu\u00e1lis jelenl\u00e9t. Ha t\u00falhangs\u00falyoz\u00f3dik ez az elem, az hiba, hiszen egyetlen formai megold\u00e1s nem lehet \u00f6nc\u00e9l\u00fa, mindennek a m\u0171r\u0151l \u00e9s Wagnerr\u0151l kell sz\u00f3lnia.\u201d<\/p>\r\n<p>A rendez\u0151 a m\u0171vet a modernit\u00e1s t\u00e1rsadalmi k\u00e9rd\u00e9sei fel\u0151l k\u00f6zel\u00edti meg. \u00dagy v\u00e9li, j\u00e1rhat\u00f3 \u00fat volna az is, ha egy t\u00f6rt\u00e9nelmen k\u00edv\u00fcli id\u0151ben j\u00e1tsz\u00f3d\u00f3mitol\u00f3giai t\u00f6rt\u00e9netet mond el istenekkel, t\u00f6rp\u00e9kkel \u00e9s \u00f3ri\u00e1sokkal, de abban az esetben a t\u00e1rsadalomkritikai vonulat sokkal rejtettebben jelent volna meg. \u201eA m\u00e1sik, amit el tudtam k\u00e9pzelni, hogy ink\u00e1bb a kapitalizmus kritik\u00e1j\u00e1t mutatjuk intenz\u00edvebben, ami Wagner Schopenhauerrel, Nietzsch\u00e9vel val\u00f3 kapcsolata, s\u0151t r\u00e9szben az \u0151 befoly\u00e1suk \u00e1ltal lett a gondolkod\u00e1s\u00e1nak fontos r\u00e9sze. \u00c9s ez egy nagyon izgalmas, napr\u00f3l napra aktu\u00e1lisabb tematika. Ha ezt v\u00e1lasztom, a mitologikus vonal nyilv\u00e1nval\u00f3an \u00e9rint\u0151legesebb, \u00e9s \u00f3hatatlanul a sci-fi mitologikum\u00e1ba hajl\u00f3 lesz, \u00e9s nem a t\u00f6rt\u00e9nelem el\u0151tti korokat id\u00e9zi.\u201d<\/p>\r\n<p>Miut\u00e1n ez a d\u00f6nt\u00e9s megsz\u00fcletett, egy olyan hierarchia bontakozott kis az alkot\u00f3 el\u0151tt, amelybe az \u00f6sszes a rendszerben \u00e9l\u0151 alak bele van k\u00e9nyszer\u00edtve, \u00e9s t\u00f6rekszik egyre feljebb a p\u00e9nz \u00e1ltal megszerezhet\u0151 hatalom rendszer\u00e9ben. Ebben a strukt\u00far\u00e1ban nem csak a gazdags\u00e1g, hanem az \u00e1ltala megszerezhet\u0151, kik\u00e9nyszer\u00edthet\u0151 befoly\u00e1s is sz\u00e1m\u00edt. \u201e\u00c9s ami m\u00e9g \u00e9rdekesebb: az egyre magasabb t\u00e1rsadalmi st\u00e1tusz el\u00e9r\u00e9s\u00e9t els\u0151sorban nem a magasabb poz\u00edci\u00f3 el\u0151nye, hanem sokkal ink\u00e1bb a lecs\u00fasz\u00e1st\u00f3l, a kiszolg\u00e1ltatotts\u00e1gt\u00f3l val\u00f3 f\u00e9lelem motiv\u00e1lja. Az alant val\u00f3kon uralkodni \u00f6nmag\u00e1ban nem annyira vonz\u00f3 \u2013 minden \u201euralkod\u00f3\u201d (tan\u00e1r, sz\u00fcl\u0151, vezet\u0151 stb.) \u00e9rzi ennek a terh\u00e9t, felel\u0151ss\u00e9g\u00e9t is \u2013, de azzal mindenki tiszt\u00e1ban van, hogy lent lenni nagyon rossz.\u201d<\/p>\r\n<p>A zenei megval\u00f3s\u00edt\u00e1st <strong>Hal\u00e1sz P\u00e9ter<\/strong>, az Opera f\u0151zeneigazgat\u00f3ja ir\u00e1ny\u00edtja.\u201eAz els\u0151 Ring ciklust \u00e9l\u0151ben itt, a Magyar \u00c1llami Operah\u00e1zban hallottam tin\u00e9dzser koromban <strong>Jurij Szimonov<\/strong> dirig\u00e1l\u00e1s\u00e1val, de igaz\u00e1n akkor kezdtem a darabbal ismerkedni, amikor k\u00e9s\u0151bb <strong>Solti Gy\u00f6rgy<\/strong> lemezfelv\u00e9tel\u00e9t megkaptam aj\u00e1nd\u00e9kba\u201d \u2013 nyilatkozta a dirigens.<\/p>\r\n<p>A Rajna kincse rendk\u00edv\u00fcl sz\u00ednes \u00e9s kiv\u00e1l\u00f3an struktur\u00e1lt partit\u00far\u00e1j\u00e1t h\u00f3napok \u00f3ta elemzi \u00e9s vallja: minden egyes \u00e1tn\u00e9z\u00e9skor \u00faj felfedez\u00e9st tehet benne az ember.\u201eA Rajna kincs\u00e9nek sz\u00e1mos jelent\u0151s \u00e9s nagyon k\u00fcl\u00f6nb\u00f6z\u0151 interpret\u00e1ci\u00f3ja ismert: gyakran ak\u00e1r f\u00e9l \u00f3r\u00e1val gyorsabb az egyik, mint a m\u00e1sik. Az el\u0151ad\u00e1sok nemcsak hosszukban, hanem sz\u00e1mos m\u00e1s krit\u00e9riumban (pl. hangsz\u00edn, plasztikuss\u00e1g) is nagyon k\u00fcl\u00f6nb\u00f6z\u0151ek\u201d \u2013 teszi hozz\u00e1.\u201eA vez\u00e9rmot\u00edvumok rendszere tal\u00e1n kev\u00e9sb\u00e9 sz\u00f6vev\u00e9nyes, mint a tetral\u00f3gia utols\u00f3 k\u00e9t darabj\u00e1ban, de igen kifinomult pszichol\u00f3giai komment\u00e1rt ad a cselekm\u00e9nyhez. Mindenk\u00e9ppen meg\u00e9ri a hallgat\u00f3nak megismerkedni a mot\u00edvumokkal \u00e9s a sz\u00f6veget figyelmesen elolvasni \u2013 ez egy csod\u00e1latos intellektu\u00e1lis kaland, ami m\u00e1r sokakat rabul ejtett.\u201d\u00a0<\/p>\r\n<p>A bemutat\u00f3n az Opera vezet\u0151 \u00e9nekeseit hallhatja a k\u00f6z\u00f6ns\u00e9g. A f\u0151szerepben, Wotank\u00e9nt <strong>K\u00e1lm\u00e1ndi Mih\u00e1ly<\/strong>, a 2013\/2014-es \u00e9vad kamara\u00e9nekese l\u00e9p sz\u00ednpadra, Loge \u00e9s Alberich szerep\u00e9re pedig k\u00e9t k\u00fclf\u00f6ldi vend\u00e9gm\u0171v\u00e9szt k\u00e9rtek fel. <strong>Adrian Er\u00f6d<\/strong> \u00e9s <strong>Marcus Jupither<\/strong> deb\u00fct\u00e1l a budapesti Oper\u00e1ban. <\/p>","type":"rich","thumbnail_url":"https:\/\/kultissimo.cafeblog.hu\/files\/2015\/03\/rajna-150x150.jpg","thumbnail_width":150,"thumbnail_height":150}